{"id":1317,"date":"2023-09-15T15:06:44","date_gmt":"2023-09-15T13:06:44","guid":{"rendered":"https:\/\/website-relaunch.zaac.de\/?page_id=1317"},"modified":"2023-10-12T16:37:23","modified_gmt":"2023-10-12T14:37:23","slug":"datenschutzerklaerung","status":"publish","type":"page","link":"https:\/\/zaac.de\/en\/datenschutzerklaerung\/","title":{"rendered":"Data Privacy Statement"},"content":{"rendered":"<p>[et_pb_section fb_built=&#8220;1&#8243; _builder_version=&#8220;4.22.2&#8243; _module_preset=&#8220;default&#8220; custom_margin=&#8220;0px||0px||false|false&#8220; custom_padding=&#8220;0px||0px||false|false&#8220; global_colors_info=&#8220;{}&#8220;][et_pb_row _builder_version=&#8220;4.22.2&#8243; _module_preset=&#8220;default&#8220; width_tablet=&#8220;&#8220; width_phone=&#8220;90%&#8220; width_last_edited=&#8220;on|phone&#8220; custom_margin=&#8220;0px||0px||false|false&#8220; custom_padding=&#8220;0px||0px||false|false&#8220; global_colors_info=&#8220;{}&#8220;][et_pb_column type=&#8220;4_4&#8243; _builder_version=&#8220;4.22.2&#8243; _module_preset=&#8220;default&#8220; global_colors_info=&#8220;{}&#8220;][et_pb_text _builder_version=&#8220;4.22.2&#8243; _dynamic_attributes=&#8220;link_option_url&#8220; _module_preset=&#8220;default&#8220; text_font=&#8220;|600|||||||&#8220; text_font_size=&#8220;15px&#8220; background_color=&#8220;#41545c&#8220; text_orientation=&#8220;center&#8220; background_layout=&#8220;dark&#8220; max_width=&#8220;166px&#8220; custom_margin=&#8220;8px||||false|false&#8220; custom_padding=&#8220;5px||5px||true|false&#8220; link_option_url=&#8220;@ET-DC@eyJkeW5hbWljIjp0cnVlLCJjb250ZW50IjoiaG9tZV91cmwiLCJzZXR0aW5ncyI6e319@&#8220; border_width_all=&#8220;2px&#8220; global_colors_info=&#8220;{}&#8220;]<\/p>\n<p>Start<\/p>\n<p>[\/et_pb_text][\/et_pb_column][\/et_pb_row][\/et_pb_section][et_pb_section fb_built=&#8220;1&#8243; custom_padding_last_edited=&#8220;on|phone&#8220; _builder_version=&#8220;4.22.2&#8243; custom_padding_tablet=&#8220;&#8220; custom_padding_phone=&#8220;20px||||false|false&#8220; global_colors_info=&#8220;{}&#8220;][et_pb_row _builder_version=&#8220;4.22.2&#8243; background_size=&#8220;initial&#8220; background_position=&#8220;top_left&#8220; background_repeat=&#8220;repeat&#8220; width_tablet=&#8220;&#8220; width_phone=&#8220;90%&#8220; width_last_edited=&#8220;on|phone&#8220; custom_margin=&#8220;0px||||false|false&#8220; custom_padding=&#8220;0px||0px||false|false&#8220; global_colors_info=&#8220;{}&#8220;][et_pb_column type=&#8220;4_4&#8243; _builder_version=&#8220;4.16&#8243; custom_padding=&#8220;|||&#8220; global_colors_info=&#8220;{}&#8220; custom_padding__hover=&#8220;|||&#8220;][et_pb_text _builder_version=&#8220;4.22.2&#8243; header_font=&#8220;|600|||||||&#8220; background_size=&#8220;initial&#8220; background_position=&#8220;top_left&#8220; background_repeat=&#8220;repeat&#8220; hover_enabled=&#8220;0&#8243; text_font_size_tablet=&#8220;&#8220; text_font_size_phone=&#8220;16px&#8220; text_font_size_last_edited=&#8220;on|phone&#8220; text_line_height_tablet=&#8220;&#8220; text_line_height_phone=&#8220;1.4em&#8220; text_line_height_last_edited=&#8220;on|phone&#8220; header_font_size_tablet=&#8220;&#8220; header_font_size_phone=&#8220;33px&#8220; header_font_size_last_edited=&#8220;on|phone&#8220; header_2_font_size_tablet=&#8220;&#8220; header_2_font_size_phone=&#8220;26px&#8220; header_2_font_size_last_edited=&#8220;on|phone&#8220; header_2_line_height_tablet=&#8220;&#8220; header_2_line_height_phone=&#8220;1.1em&#8220; header_2_line_height_last_edited=&#8220;on|phone&#8220; header_3_font_size_tablet=&#8220;&#8220; header_3_font_size_phone=&#8220;23px&#8220; header_3_font_size_last_edited=&#8220;on|phone&#8220; global_colors_info=&#8220;{}&#8220; sticky_enabled=&#8220;0&#8243;]<\/p>\n<p><!-- divi:heading --><\/p>\n<h1 class=\"wp-block-heading\">Datenschutzerkl\u00e4rung<\/h1>\n<h2 class=\"p1\"><strong>Datenschutzerkl\u00e4rung<\/strong><b> nach Artikel 13 &amp; 14 DSGVO<\/b><\/h2>\n<h3 class=\"p2\"><b>Grundlegendes<\/b><\/h3>\n<p class=\"p2\">Diese Datenschutzerkl\u00e4rung soll die Nutzer dieser Website \u00fcber die Art, den Umfang und den Zweck der Erhebung und Verwendung personenbezogener Daten durch den Websitebetreiber zaac \u2013 Angelika Zerfa\u00df informieren.<\/p>\n<p class=\"p2\">Bei zaac &#8211; Angelika Zerfa\u00df, nehmen wir Ihren Datenschutz sehr ernst und behandelt Ihre personenbezogenen Daten vertraulich und entsprechend der gesetzlichen Vorschriften. Da durch neue Technologien und die st\u00e4ndige Weiterentwicklung dieser Webseite \u00c4nderungen an dieser Datenschutzerkl\u00e4rung vorgenommen werden k\u00f6nnen, empfehlen wir Ihnen sich die Datenschutzerkl\u00e4rung in regelm\u00e4\u00dfigen Abst\u00e4nden wieder durchzulesen.<\/p>\n<p class=\"p2\">Definitionen der verwendeten Begriffe (z.B. \u201cpersonenbezogene Daten\u201d oder \u201cVerarbeitung\u201d) finden Sie in Art. 4 DSGVO.<\/p>\n<p class=\"p4\">1. Name und Kontaktdaten der verantwortlichen Stelle i.S.d. DSGVO<\/p>\n<p class=\"p5\">Verantwortlicher:<br \/>Angelika Zerfa\u00df (Gesch\u00e4ftsleitung)<br \/>Burgstr. 10<br \/>53424 Remagen<br \/>Mobil: <span id=\"eeb-598178-578209\"><\/span><script type=\"text\/javascript\">(function() {var ml=\"%B19407682\",mi=\"091430952650952866376\",o=\"\";for(var j=0,l=mi.length;j<l;j++) {o+=ml.charAt(mi.charCodeAt(j)-48);}document.getElementById(\"eeb-598178-578209\").innerHTML = decodeURIComponent(o);}());<\/script><noscript>*protected email*<\/noscript><br \/>E-Mail: <span id=\"eeb-121441-75802\"><\/span><script type=\"text\/javascript\">(function() {var ml=\"kf2i3dc0g-shmA._Farb%ezCnlEDt4o\",mi=\"D4GAD27;BE1D4KD22<A3ILND4=FEB1A::DM7FAA6>5ED22D27LAB8ELD4KD22?CIAH0D22D276IA::D4KD22<A3I9I3H0D22D4JFEB1A::DM7FAA6>5ED4GD2@AD4J\",o=\"\";for(var j=0,l=mi.length;j<l;j++) {o+=ml.charAt(mi.charCodeAt(j)-48);}document.getElementById(\"eeb-121441-75802\").innerHTML = decodeURIComponent(o);}());<\/script><noscript>*protected email*<\/noscript><\/p>\n<p class=\"p4\">2. Kategorien von personenbezogenen Daten, deren Erhebung, Speicherung so wie Art und Zweck der Verarbeitung<\/p>\n<p class=\"p3\">Wenn Sie mit uns in Gesch\u00e4ftskontakt treten, erheben wir folgende Informationen:<\/p>\n<ul class=\"ul1\">\n<ul class=\"ul1\">\n<li class=\"li7\"><span class=\"s1\">Name<\/span><\/li>\n<li class=\"li7\"><span class=\"s1\">Adresse<\/span><\/li>\n<li class=\"li7\"><span class=\"s1\">E-Mail Adresse<\/span><\/li>\n<li class=\"li7\"><span class=\"s1\">Telefonnummer<\/span><\/li>\n<li class=\"li7\"><span class=\"s1\">Position im Unternehmen<\/span><\/li>\n<\/ul>\n<\/ul>\n<p class=\"p3\">Die Verarbeitung erfolgt auf Ihre Anfrage hin und ist nach Art. 6 Abs. 1 S. 1 lit. b DSGVO zur Erf\u00fcllung des Vertragszwecks oder zur Durchf\u00fchrung vorvertraglicher Ma\u00dfnahmen erforderlich. Ohne die Angaben dieser Daten w\u00e4re die Durchf\u00fchrung nicht m\u00f6glich.<\/p>\n<p class=\"p3\">Bei einem Besuch unserer Website, erhebt der Web Hosting Dienst folgende Informationen:<\/p>\n<p class=\"p3\">Wir, der Websitebetreiber bzw. Seitenprovider, erheben aufgrund unseres berechtigten Interesses (s. Art. 6 Abs. 1 lit. f. DSGVO) Daten \u00fcber Zugriffe auf die Website und speichern diese als \u201eServer-Logfiles\u201c auf dem Server der Website ab. Folgende Daten werden so protokolliert:<\/p>\n<ul class=\"ul1\">\n<ul class=\"ul1\">\n<li class=\"li7\"><span class=\"s1\">Besuchte Website<\/span><\/li>\n<li class=\"li7\"><span class=\"s1\">Uhrzeit zum Zeitpunkt des Zugriffes<\/span><\/li>\n<li class=\"li7\"><span class=\"s1\">Menge der gesendeten Daten in Byte<\/span><\/li>\n<li class=\"li7\"><span class=\"s1\">Quelle\/Verweis, von welchem Sie auf die Seite gelangten<\/span><\/li>\n<li class=\"li7\"><span class=\"s1\">Verwendeter Browser<\/span><\/li>\n<li class=\"li7\"><span class=\"s1\">Verwendetes Betriebssystem<\/span><\/li>\n<li class=\"li7\"><span class=\"s1\">Verwendete IP-Adresse (wird anonymisiert)<\/span><\/li>\n<\/ul>\n<\/ul>\n<p class=\"p3\">Die Log-Dateien werden nach sp\u00e4testens 9 Wochen gel\u00f6scht. Die Erhebung der Daten erfolgt aus dem berechtigten Interesse, die Website m\u00f6glichst nutzerfreundlich zu gestalten. Die Speicherung der Daten erfolgt aus Sicherheitsgr\u00fcnden, um z. B. Missbrauchsf\u00e4lle aufkl\u00e4ren zu k\u00f6nnen. M\u00fcssen Daten aus Beweisgr\u00fcnden aufgehoben werden, sind sie solange von der L\u00f6schung ausgenommen bis der Vorfall endg\u00fcltig gekl\u00e4rt ist.<\/p>\n<p class=\"p3\">Wir verwenden keine Cookies, Browser-Plugins oder Google Analytics.<\/p>\n<p class=\"p4\">3. Verwendung und Speicherung der erhobenen Daten<\/p>\n<p class=\"p3\">Ihre Daten werden nur zu den Zwecken der Kommunikation mit Ihnen direkt oder zur Angebots- bzw. Rechnungsstellung verwendet.<\/p>\n<p>Die Daten werden gem\u00e4\u00df der gesetzlich vorgegebene Aufbewahrungspflicht f\u00fcr einen Zeitraum von 10 Jahren aufbewahrt.<\/p>\n<p class=\"p4\">4. \u00dcbermittlung von Daten an Dritte<\/p>\n<p class=\"p3\">Es werden grunds\u00e4tzlich keine pers\u00f6nlichen oder sonstige Daten an Dritte weitergegeben.<\/p>\n<p class=\"p3\">Eine \u00dcbermittlung von den o.g. Daten erfolgt nur zu den o.g. Zwecken. Ihre Daten werden ausschlie\u00dflich auf Grundlage der oben genannten Rechtsgrundlagen an Dritte weitergegeben.<\/p>\n<p class=\"p3\">Insbesondere werden Ihre Daten an folgende Stellen zu folgenden Zwecken \u00fcbermittelt:<\/p>\n<ul class=\"ul1\">\n<ul class=\"ul1\">\n<li class=\"li7\"><span class=\"s1\">Postdienstleister zur Versendung von Angeboten oder Rechnungen in Briefform<\/span><\/li>\n<li class=\"li7\"><span class=\"s1\">Steuerberater zur Pr\u00fcfung von Rechnungdaten<\/span><\/li>\n<\/ul>\n<\/ul>\n<p class=\"p3\">Die weitergegebenen Daten d\u00fcrfen nur zu den o.g. Zwecken von Dritten verarbeitet werden.<\/p>\n<p class=\"p4\">5. Rechte des Nutzers<\/p>\n<p class=\"p3\">Sie haben als Nutzer das Recht, auf Antrag eine kostenlose Auskunft dar\u00fcber zu erhalten, welche personenbezogenen Daten \u00fcber Sie gespeichert wurden.<\/p>\n<p class=\"p3\">Sie haben au\u00dferdem das Recht auf Berichtigung falscher Daten und auf die Verarbeitungseinschr\u00e4nkung oder L\u00f6schung Ihrer personenbezogenen Daten. Falls zutreffend, k\u00f6nnen Sie auch Ihr Recht auf Datenportabilit\u00e4t geltend machen. Sollten Sie annehmen, dass Ihre Daten unrechtm\u00e4\u00dfig verarbeitet wurden, k\u00f6nnen Sie eine Beschwerde bei der zust\u00e4ndigen Aufsichtsbeh\u00f6rde einreichen.<\/p>\n<p class=\"p3\">Sie k\u00f6nnen weiterhin von ihrem Widerspruchsrecht Gebrauch machen und der Verarbeitung ihrer personenbezogenen Daten zu jeder Zeit widersprechen.<\/p>\n<p class=\"p3\">Wenn Sie eine Berichtigung, Sperrung, L\u00f6schung oder Auskunft \u00fcber die zu Ihrer Person gespeicherten personenbezogenen Daten w\u00fcnschen oder Fragen bzgl. der Erhebung, Verarbeitung oder Verwendung Ihrer personenbezogenen Daten haben oder erteilte Einwilligungen widerrufen m\u00f6chten, wenden Sie sich bitte an folgende E-Mail-Adresse:\u00a0<span id=\"eeb-491103-784254\"><\/span><script type=\"text\/javascript\">(function() {var ml=\"dcfEA%mznbFDCsr2.l_gahkio30e-t4\",mi=\"5I<D5?JE>K25I;5??6DGAMH5I47K>2D==5NJ7DD1@0K5??5?JMD>CKM5I;5??B9AD8F5??5?J1AD==5I;5??6DGALAG8F5??5I37K>2D==5NJ7DD1@0K5I<5?:D5I3\",o=\"\";for(var j=0,l=mi.length;j<l;j++) {o+=ml.charAt(mi.charCodeAt(j)-48);}document.getElementById(\"eeb-491103-784254\").innerHTML = decodeURIComponent(o);}());<\/script><noscript>*protected email*<\/noscript><\/p>\n<p class=\"p4\">6. L\u00f6schung von Daten<\/p>\n<p class=\"p3\">Sofern Ihr Wunsch nicht mit einer gesetzlichen Pflicht zur Aufbewahrung von Daten (z. B. Vorratsdatenspeicherung) kollidiert, haben Sie ein Anrecht auf L\u00f6schung Ihrer Daten. Von uns gespeicherte Daten werden, sollten sie f\u00fcr ihre Zweckbestimmung nicht mehr vonn\u00f6ten sein und es keine gesetzlichen Aufbewahrungsfristen geben, gel\u00f6scht. Falls eine L\u00f6schung nicht durchgef\u00fchrt werden kann, da die Daten f\u00fcr zul\u00e4ssige gesetzliche Zwecke erforderlich sind, erfolgt eine Einschr\u00e4nkung der Datenverarbeitung. In diesem Fall werden die Daten gesperrt und nicht f\u00fcr andere Zwecke verarbeitet.<\/p>\n<p class=\"p3\">Bei Fragen zur Verarbeitung Ihrer Daten stehen wir Ihnen gerne jederzeit zur Verf\u00fcgung.<\/p>\n<p class=\"p3\">Mit freundlichen Gr\u00fc\u00dfen<br \/>Angelika Zerfa\u00df, Gesch\u00e4ftsleitung<strong><\/strong><\/p>\n<p><!-- \/divi:heading --><\/p>\n<p>[\/et_pb_text][\/et_pb_column][\/et_pb_row][\/et_pb_section]<\/p>\n","protected":false},"excerpt":{"rendered":"<p>Start Datenschutzerkl\u00e4rung Datenschutzerkl\u00e4rung nach Artikel 13 &amp; 14 DSGVO Grundlegendes Diese Datenschutzerkl\u00e4rung soll die Nutzer dieser Website \u00fcber die Art, den Umfang und den Zweck der Erhebung und Verwendung personenbezogener Daten durch den Websitebetreiber zaac \u2013 Angelika Zerfa\u00df informieren. Bei zaac &#8211; Angelika Zerfa\u00df, nehmen wir Ihren Datenschutz sehr ernst und behandelt Ihre personenbezogenen Daten [&hellip;]<\/p>\n","protected":false},"author":1,"featured_media":0,"parent":0,"menu_order":0,"comment_status":"closed","ping_status":"closed","template":"","meta":{"_et_pb_use_builder":"on","_et_pb_old_content":"<!-- wp:heading -->\n<h2 class=\"wp-block-heading\"><strong>Datenschutzerkl\u00e4rung nach Artikel 13 &amp; 14 DSGVO<\/strong><\/h2>\n<!-- \/wp:heading -->","_et_gb_content_width":"","footnotes":""},"class_list":["post-1317","page","type-page","status-publish","hentry"],"_links":{"self":[{"href":"https:\/\/zaac.de\/en\/wp-json\/wp\/v2\/pages\/1317","targetHints":{"allow":["GET"]}}],"collection":[{"href":"https:\/\/zaac.de\/en\/wp-json\/wp\/v2\/pages"}],"about":[{"href":"https:\/\/zaac.de\/en\/wp-json\/wp\/v2\/types\/page"}],"author":[{"embeddable":true,"href":"https:\/\/zaac.de\/en\/wp-json\/wp\/v2\/users\/1"}],"replies":[{"embeddable":true,"href":"https:\/\/zaac.de\/en\/wp-json\/wp\/v2\/comments?post=1317"}],"version-history":[{"count":5,"href":"https:\/\/zaac.de\/en\/wp-json\/wp\/v2\/pages\/1317\/revisions"}],"predecessor-version":[{"id":1804,"href":"https:\/\/zaac.de\/en\/wp-json\/wp\/v2\/pages\/1317\/revisions\/1804"}],"wp:attachment":[{"href":"https:\/\/zaac.de\/en\/wp-json\/wp\/v2\/media?parent=1317"}],"curies":[{"name":"wp","href":"https:\/\/api.w.org\/{rel}","templated":true}]}}